{"id":978,"date":"2010-12-01T22:11:14","date_gmt":"2010-12-01T21:11:14","guid":{"rendered":"http:\/\/georg-dahlhoff.de\/blog\/"},"modified":"2010-12-01T22:11:14","modified_gmt":"2010-12-01T21:11:14","slug":"wintersheim","status":"publish","type":"page","link":"https:\/\/georg-dahlhoff.de\/wp\/?page_id=978","title":{"rendered":"Wintersheim"},"content":{"rendered":"<p style=\"text-align: center;\"><a href=\"https:\/\/georg-dahlhoff.de\/wp\/?page_id=11740\"><img data-recalc-dims=\"1\" loading=\"lazy\" decoding=\"async\" class=\"wp-image-11771 aligncenter\" title=\"mainz-bingen-foto.de\" src=\"https:\/\/i0.wp.com\/georg-dahlhoff.de\/wp\/wp-content\/uploads\/2012\/09\/titelbanner.jpg?resize=623%2C80&#038;ssl=1\" alt=\"\" width=\"623\" height=\"80\" \/><\/a><\/p>\n<p style=\"text-align: center;\"><strong>Gemeinde Wintersheim<\/strong>, Verbandsgemeinde Guntersblum, ca. 350 Einwohner,<br \/>\n<a href=\"http:\/\/www.wintersheim-rheinhessen.de\/index2.html\" target=\"_blank\">http:\/\/www.wintersheim-rheinhessen.de\/index2.html<\/a><\/p>\n<figure id=\"attachment_1974\" aria-describedby=\"caption-attachment-1974\" style=\"width: 225px\" class=\"wp-caption aligncenter\"><a href=\"https:\/\/i0.wp.com\/georg-dahlhoff.de\/blog\/wp-content\/uploads\/2010\/12\/200309055495-win.jpg\" target=\"_blank\"><img data-recalc-dims=\"1\" loading=\"lazy\" decoding=\"async\" class=\"size-medium wp-image-1974\" title=\"200309055495 - Wintersheim: Evangelische Kirche\" src=\"https:\/\/i0.wp.com\/georg-dahlhoff.de\/blog\/wp-content\/uploads\/2010\/12\/200309055495-win-225x300.jpg?resize=225%2C300\" alt=\"\" width=\"225\" height=\"300\" \/><\/a><figcaption id=\"caption-attachment-1974\" class=\"wp-caption-text\">Wintersheim: Evangelische Kirche &#8211; Bild Nr. 200309055495<\/figcaption><\/figure>\n<p style=\"text-align: center;\">Die neugotische\u00a0<strong>Evangelische Kirche<\/strong> wurde 1896\/97 von August Ermel aus Worms erbaut.<\/p>\n<figure id=\"attachment_1975\" aria-describedby=\"caption-attachment-1975\" style=\"width: 300px\" class=\"wp-caption aligncenter\"><a href=\"https:\/\/i0.wp.com\/georg-dahlhoff.de\/blog\/wp-content\/uploads\/2010\/12\/200309055492-win.jpg\" target=\"_blank\"><img data-recalc-dims=\"1\" loading=\"lazy\" decoding=\"async\" class=\"size-medium wp-image-1975\" title=\"200309055492 - Wintersheim: Rathaus\" src=\"https:\/\/i0.wp.com\/georg-dahlhoff.de\/blog\/wp-content\/uploads\/2010\/12\/200309055492-win-300x224.jpg?resize=300%2C224\" alt=\"\" width=\"300\" height=\"224\" \/><\/a><figcaption id=\"caption-attachment-1975\" class=\"wp-caption-text\">Wintersheim: Rathaus &#8211; Bild Nr. 200309055492<\/figcaption><\/figure>\n<p style=\"text-align: center;\">Das heutige\u00a0<strong>Rathaus<\/strong> (fr\u00fcher Schule) in der Kirchstra\u00dfe wurde 1829 im sp\u00e4tklassizistischen Stil erbaut.<\/p>\n<figure id=\"attachment_1976\" aria-describedby=\"caption-attachment-1976\" style=\"width: 300px\" class=\"wp-caption aligncenter\"><a href=\"https:\/\/i0.wp.com\/georg-dahlhoff.de\/blog\/wp-content\/uploads\/2010\/12\/200309055493-win.jpg\"><img data-recalc-dims=\"1\" loading=\"lazy\" decoding=\"async\" class=\"size-medium wp-image-1976\" title=\"200309055493 - Wintersheim: Hauptstra\u00dfe\" src=\"https:\/\/i0.wp.com\/georg-dahlhoff.de\/blog\/wp-content\/uploads\/2010\/12\/200309055493-win-300x300.jpg?resize=300%2C300\" alt=\"\" width=\"300\" height=\"300\" \/><\/a><figcaption id=\"caption-attachment-1976\" class=\"wp-caption-text\">Wintersheim: Hauptstra\u00dfe &#8211; Bild Nr. 200309055493<\/figcaption><\/figure>\n<figure id=\"attachment_1977\" aria-describedby=\"caption-attachment-1977\" style=\"width: 225px\" class=\"wp-caption aligncenter\"><a href=\"https:\/\/i0.wp.com\/georg-dahlhoff.de\/blog\/wp-content\/uploads\/2010\/12\/200309055496-win.jpg\" target=\"_blank\"><img data-recalc-dims=\"1\" loading=\"lazy\" decoding=\"async\" class=\"size-medium wp-image-1977 \" title=\"200309055496 - Wintersheim: Wohn- und Wehrturm\" src=\"https:\/\/i0.wp.com\/georg-dahlhoff.de\/blog\/wp-content\/uploads\/2010\/12\/200309055496-win-225x300.jpg?resize=225%2C300\" alt=\"\" width=\"225\" height=\"300\" \/><\/a><figcaption id=\"caption-attachment-1977\" class=\"wp-caption-text\">Wintersheim: Wohn- und Wehrturm &#8211; Bild Nr. 200309055496<\/figcaption><\/figure>\n<p style=\"text-align: center;\">Der sp\u00e4tmittelalterlicher\u00a0<strong>Wohn- und Wehrturm<\/strong>wurde in den Jahren 1345\/46 gebaut und im 18. Jahrhundert umgebaut. Sein Grundriss ist nahezu quadratisch. Das Erdgeschoss ist als Gew\u00f6lbekeller gebaut. Der ehemalige Wohnbereich beginnt im damals schwer zug\u00e4nglichen ersten Obergeschoss.<\/p>\n<p style=\"text-align: center;\">Heute ist in dem Turm, der auf dem Gel\u00e4nde eines Winzerhofes steht, eine gem\u00fctliche Strau\u00dfwirtschaft untergebracht. Somit ist w\u00e4hrend der Ausschankzeiten eine Besichtigung bei einem guten Glas Wein m\u00f6glich.<\/p>\n<figure id=\"attachment_1978\" aria-describedby=\"caption-attachment-1978\" style=\"width: 300px\" class=\"wp-caption aligncenter\"><a href=\"https:\/\/i0.wp.com\/georg-dahlhoff.de\/blog\/wp-content\/uploads\/2010\/12\/200309145550-win.jpg\" target=\"_blank\"><img data-recalc-dims=\"1\" loading=\"lazy\" decoding=\"async\" class=\"size-medium wp-image-1978\" title=\"200309145550 - Wintersheim: Dachboden des Wohn- und Wehrturms\" src=\"https:\/\/i0.wp.com\/georg-dahlhoff.de\/blog\/wp-content\/uploads\/2010\/12\/200309145550-win-300x300.jpg?resize=300%2C300\" alt=\"\" width=\"300\" height=\"300\" \/><\/a><figcaption id=\"caption-attachment-1978\" class=\"wp-caption-text\">Wintersheim: Dachboden des Wohn- und Wehrturms &#8211; Bild Nr.200309145550<\/figcaption><\/figure>\n<p style=\"text-align: center;\">Unter dem Mansarddach des Wohn- und wehrturmes, das urspr\u00fcnglich als Getreidespeicher diente, befindet sich auf zwei Etagen eine Sammlung von alten Acker- und Weinbauutensilien.<\/p>\n<figure id=\"attachment_1979\" aria-describedby=\"caption-attachment-1979\" style=\"width: 300px\" class=\"wp-caption aligncenter\"><a href=\"https:\/\/i0.wp.com\/georg-dahlhoff.de\/blog\/wp-content\/uploads\/2010\/12\/200309145551-win.jpg\" target=\"_blank\"><img data-recalc-dims=\"1\" loading=\"lazy\" decoding=\"async\" class=\"size-medium wp-image-1979\" title=\"200309145551 - Leiterwagen\" src=\"https:\/\/i0.wp.com\/georg-dahlhoff.de\/blog\/wp-content\/uploads\/2010\/12\/200309145551-win-300x225.jpg?resize=300%2C225\" alt=\"\" width=\"300\" height=\"225\" \/><\/a><figcaption id=\"caption-attachment-1979\" class=\"wp-caption-text\">Leiterwagen auf dem Dachboden des Wohn- und Wehrturms &#8211; Bild Nr. 200309145551<\/figcaption><\/figure>\n<figure id=\"attachment_1981\" aria-describedby=\"caption-attachment-1981\" style=\"width: 225px\" class=\"wp-caption aligncenter\"><a href=\"https:\/\/i0.wp.com\/georg-dahlhoff.de\/blog\/wp-content\/uploads\/2010\/12\/200309055504-win.jpg\" target=\"_blank\"><img data-recalc-dims=\"1\" loading=\"lazy\" decoding=\"async\" class=\"size-medium wp-image-1981\" title=\"200309055504 - Wintersheim: Wasserturm\" src=\"https:\/\/i0.wp.com\/georg-dahlhoff.de\/blog\/wp-content\/uploads\/2010\/12\/200309055504-win-225x300.jpg?resize=225%2C300\" alt=\"\" width=\"225\" height=\"300\" \/><\/a><figcaption id=\"caption-attachment-1981\" class=\"wp-caption-text\">Wintersheim: Wasserturm &#8211; Bild Nr. 200309055504<\/figcaption><\/figure>\n<p style=\"text-align: center;\">Im Jahr 1907 wurde die Wasserversorgung von Wintersheim und den umliegenden Gemeinde von einzelnen Brunnen und Pumpen auf die zentrale Versorgung umgestellt. Hierzu wurde in dem Jahr dieser im Jugendstil gebaute\u00a0<strong>Wasserturm<\/strong> seiner Bestimmung \u00fcbergeben.<\/p>\n<figure id=\"attachment_1982\" aria-describedby=\"caption-attachment-1982\" style=\"width: 225px\" class=\"wp-caption aligncenter\"><a href=\"https:\/\/i0.wp.com\/georg-dahlhoff.de\/blog\/wp-content\/uploads\/2010\/12\/200309055503-win.jpg\" target=\"_blank\"><img data-recalc-dims=\"1\" loading=\"lazy\" decoding=\"async\" class=\"size-medium wp-image-1982\" title=\"200309055503 - Wintersheim: Windr\u00e4der\" src=\"https:\/\/i0.wp.com\/georg-dahlhoff.de\/blog\/wp-content\/uploads\/2010\/12\/200309055503-win-225x300.jpg?resize=225%2C300\" alt=\"\" width=\"225\" height=\"300\" \/><\/a><figcaption id=\"caption-attachment-1982\" class=\"wp-caption-text\">Wintersheim: Windr\u00e4der &#8211; Bild Nr. 200309055503<\/figcaption><\/figure>\n<p style=\"text-align: center;\">Um einige Jahre j\u00fcnger als der Wasserturm aber in unmittelbarer N\u00e4he stehen in ein Dreieck zwischen Eimsheim, Dolgesheim und Wintersheim einige\u00a0<strong>Windr\u00e4der<\/strong>. Hier sind zwei dieser Giganten zu sehen.<\/p>\n<p style=\"text-align: center;\"><em>&#8230;<\/em><\/p>\n<p style=\"text-align: center;\"><em>F\u00fcr die Fotografien gilt das Urheberrecht! Jegliche Verwendung des Bildmaterials ohne Genehmigung des Fotografen ist untersagt. Informationen zum Erwerb von Ver\u00f6ffentlichungsrechten finden Sie <\/em><a title=\"Ver\u00f6ffentlichungsrechte\" href=\"https:\/\/georg-dahlhoff.de\/wp\/?page_id=11938\"><em>hier<\/em><\/a><em>.<\/em><\/p>\n","protected":false},"excerpt":{"rendered":"<p>Gemeinde Wintersheim, Verbandsgemeinde Guntersblum, ca. 350 Einwohner, http:\/\/www.wintersheim-rheinhessen.de\/index2.html Die neugotische\u00a0Evangelische Kirche wurde 1896\/97 von August Ermel aus Worms erbaut. Das heutige\u00a0Rathaus (fr\u00fcher Schule) in der Kirchstra\u00dfe wurde 1829 im sp\u00e4tklassizistischen [&hellip;]<\/p>\n","protected":false},"author":1,"featured_media":0,"parent":908,"menu_order":5,"comment_status":"open","ping_status":"open","template":"tpl_fullwidth-page.php","meta":{"jetpack_post_was_ever_published":false,"footnotes":""},"class_list":["post-978","page","type-page","status-publish","hentry"],"jetpack_shortlink":"https:\/\/wp.me\/P8MzOO-fM","jetpack-related-posts":[],"jetpack_likes_enabled":true,"jetpack_sharing_enabled":true,"_links":{"self":[{"href":"https:\/\/georg-dahlhoff.de\/wp\/index.php?rest_route=\/wp\/v2\/pages\/978","targetHints":{"allow":["GET"]}}],"collection":[{"href":"https:\/\/georg-dahlhoff.de\/wp\/index.php?rest_route=\/wp\/v2\/pages"}],"about":[{"href":"https:\/\/georg-dahlhoff.de\/wp\/index.php?rest_route=\/wp\/v2\/types\/page"}],"author":[{"embeddable":true,"href":"https:\/\/georg-dahlhoff.de\/wp\/index.php?rest_route=\/wp\/v2\/users\/1"}],"replies":[{"embeddable":true,"href":"https:\/\/georg-dahlhoff.de\/wp\/index.php?rest_route=%2Fwp%2Fv2%2Fcomments&post=978"}],"version-history":[{"count":0,"href":"https:\/\/georg-dahlhoff.de\/wp\/index.php?rest_route=\/wp\/v2\/pages\/978\/revisions"}],"up":[{"embeddable":true,"href":"https:\/\/georg-dahlhoff.de\/wp\/index.php?rest_route=\/wp\/v2\/pages\/908"}],"wp:attachment":[{"href":"https:\/\/georg-dahlhoff.de\/wp\/index.php?rest_route=%2Fwp%2Fv2%2Fmedia&parent=978"}],"curies":[{"name":"wp","href":"https:\/\/api.w.org\/{rel}","templated":true}]}}