{"id":942,"date":"2010-12-01T21:52:04","date_gmt":"2010-12-01T20:52:04","guid":{"rendered":"http:\/\/georg-dahlhoff.de\/blog\/"},"modified":"2010-12-01T21:52:04","modified_gmt":"2010-12-01T20:52:04","slug":"lorzweiler","status":"publish","type":"page","link":"https:\/\/georg-dahlhoff.de\/wp\/?page_id=942","title":{"rendered":"L\u00f6rzweiler"},"content":{"rendered":"<p style=\"text-align: center;\"><a href=\"https:\/\/georg-dahlhoff.de\/wp\/?page_id=11740\"><img data-recalc-dims=\"1\" loading=\"lazy\" decoding=\"async\" class=\"wp-image-11771 aligncenter\" title=\"mainz-bingen-foto.de\" src=\"https:\/\/i0.wp.com\/georg-dahlhoff.de\/wp\/wp-content\/uploads\/2012\/09\/titelbanner.jpg?resize=623%2C80&#038;ssl=1\" alt=\"\" width=\"623\" height=\"80\" \/><\/a><\/p>\n<p style=\"text-align: center;\"><strong>Gemeinde L\u00f6rzweiler,<\/strong> Verbandsgemeinde Bodenheim, ca. 2.300 Einwohner<br \/>\n <a href=\"http:\/\/www.loerzweiler.de\/\" target=\"_blank\">http:\/\/www.loerzweiler.de\/<\/a><\/p>\n<p><figure id=\"attachment_22555\" aria-describedby=\"caption-attachment-22555\" style=\"width: 580px\" class=\"wp-caption aligncenter\"><a href=\"https:\/\/i0.wp.com\/georg-dahlhoff.de\/wp\/wp-content\/uploads\/2010\/12\/201409193723.jpg?ssl=1\"><img data-recalc-dims=\"1\" loading=\"lazy\" decoding=\"async\" class=\"size-large wp-image-22555\" src=\"https:\/\/i0.wp.com\/georg-dahlhoff.de\/wp\/wp-content\/uploads\/2010\/12\/201409193723.jpg?resize=580%2C388&#038;ssl=1\" alt=\"L\u00f6rzweiler - Bild Nr. 201409193723\" width=\"580\" height=\"388\" \/><\/a><figcaption id=\"caption-attachment-22555\" class=\"wp-caption-text\">L\u00f6rzweiler &#8211; Bild Nr. 201409193723<\/figcaption><\/figure> <figure id=\"attachment_13029\" aria-describedby=\"caption-attachment-13029\" style=\"width: 420px\" class=\"wp-caption aligncenter\"><a href=\"https:\/\/i0.wp.com\/mainz-bingen-foto.de\/cms\/wp-content\/uploads\/2010\/12\/200209021270.jpg\"><img data-recalc-dims=\"1\" loading=\"lazy\" decoding=\"async\" class=\"wp-image-13029 \" title=\"L\u00f6rzweiler K\u00f6nigstuhlstra\u00dfe - Bild Nr. 200209021270\" src=\"https:\/\/i0.wp.com\/mainz-bingen-foto.de\/cms\/wp-content\/uploads\/2010\/12\/200209021270-600x428.jpg?resize=420%2C300\" alt=\"\" width=\"420\" height=\"300\" \/><\/a><figcaption id=\"caption-attachment-13029\" class=\"wp-caption-text\">L\u00f6rzweiler K\u00f6nigstuhlstra\u00dfe &#8211; Bild Nr. 200209021270<\/figcaption><\/figure> <figure id=\"attachment_24436\" aria-describedby=\"caption-attachment-24436\" style=\"width: 480px\" class=\"wp-caption aligncenter\"><a href=\"https:\/\/i0.wp.com\/georg-dahlhoff.de\/wp\/wp-content\/uploads\/2010\/12\/201608170699.jpg?ssl=1\"><img data-recalc-dims=\"1\" loading=\"lazy\" decoding=\"async\" class=\"size-large wp-image-24436\" src=\"https:\/\/i0.wp.com\/georg-dahlhoff.de\/wp\/wp-content\/uploads\/2010\/12\/201608170699.jpg?resize=480%2C320&#038;ssl=1\" alt=\"L\u00f6rzweiler: K\u00f6nigsstuhlstra\u00dfe - Bild Nr.  201608170699\" width=\"480\" height=\"320\" \/><\/a><figcaption id=\"caption-attachment-24436\" class=\"wp-caption-text\">L\u00f6rzweiler: K\u00f6nigsstuhlstra\u00dfe &#8211; Bild Nr. 201608170699<\/figcaption><\/figure> <figure id=\"attachment_13030\" aria-describedby=\"caption-attachment-13030\" style=\"width: 342px\" class=\"wp-caption aligncenter\"><a href=\"https:\/\/i0.wp.com\/mainz-bingen-foto.de\/cms\/wp-content\/uploads\/2010\/12\/200208140872.jpg\"><img data-recalc-dims=\"1\" loading=\"lazy\" decoding=\"async\" class=\"wp-image-13030 \" title=\"L\u00f6rzweiler: Katholische Pfarrkirche St. Michael - Bild Nr. 200208140872\" src=\"https:\/\/i0.wp.com\/mainz-bingen-foto.de\/cms\/wp-content\/uploads\/2010\/12\/200208140872-428x600.jpg?resize=342%2C480\" alt=\"\" width=\"342\" height=\"480\" \/><\/a><figcaption id=\"caption-attachment-13030\" class=\"wp-caption-text\">L\u00f6rzweiler: Katholische Pfarrkirche St. Michael &#8211; Bild Nr. 200208140872<\/figcaption><\/figure> <figure id=\"attachment_13031\" aria-describedby=\"caption-attachment-13031\" style=\"width: 420px\" class=\"wp-caption aligncenter\"><a href=\"https:\/\/i0.wp.com\/mainz-bingen-foto.de\/cms\/wp-content\/uploads\/2010\/12\/200307194902.jpg\"><img data-recalc-dims=\"1\" loading=\"lazy\" decoding=\"async\" class=\"wp-image-13031 \" title=\"L\u00f6rzweiler: Evangelisches Gemeindehaus - Bild Nr. 200307194902\" src=\"https:\/\/i0.wp.com\/mainz-bingen-foto.de\/cms\/wp-content\/uploads\/2010\/12\/200307194902-600x600.jpg?resize=420%2C420\" alt=\"\" width=\"420\" height=\"420\" \/><\/a><figcaption id=\"caption-attachment-13031\" class=\"wp-caption-text\">L\u00f6rzweiler: Evangelisches Gemeindehaus &#8211; Bild Nr. 200307194902<\/figcaption><\/figure> <figure id=\"attachment_23382\" aria-describedby=\"caption-attachment-23382\" style=\"width: 580px\" class=\"wp-caption aligncenter\"><a href=\"https:\/\/i0.wp.com\/georg-dahlhoff.de\/wp\/wp-content\/uploads\/2015\/07\/201507122723.jpg?ssl=1\"><img data-recalc-dims=\"1\" loading=\"lazy\" decoding=\"async\" class=\"size-large wp-image-23382\" src=\"https:\/\/i0.wp.com\/georg-dahlhoff.de\/wp\/wp-content\/uploads\/2015\/07\/201507122723.jpg?resize=580%2C326&#038;ssl=1\" alt=\"Der neue Weinbergsturm auf dem L\u00f6rzweiler K\u00f6nigsstuhl - Bild Nr. 201507122723\" width=\"580\" height=\"326\" \/><\/a><figcaption id=\"caption-attachment-23382\" class=\"wp-caption-text\">Der neue Weinbergsturm auf dem L\u00f6rzweiler K\u00f6nigsstuhl &#8211; Bild Nr. 201507122723<\/figcaption><\/figure><\/p>\n<hr \/>\n<p style=\"text-align: center;\"><em>F<\/em><em>\u00fcr die Fotografien gilt das Urheberrecht! Jegliche Verwendung des Bildmaterials ohne Genehmigung des Fotografen ist untersagt. Informationen zum Erwerb von Ver\u00f6ffentlichungsrechten finden Sie\u00a0<a title=\"Ver\u00f6ffentlichungsrechte\" href=\"https:\/\/georg-dahlhoff.de\/wp\/?page_id=11938\">hier<\/a>.<\/em><\/p>\n","protected":false},"excerpt":{"rendered":"<p>Gemeinde L\u00f6rzweiler, Verbandsgemeinde Bodenheim, ca. 2.300 Einwohner http:\/\/www.loerzweiler.de\/ F\u00fcr die Fotografien gilt das Urheberrecht! Jegliche Verwendung des Bildmaterials ohne Genehmigung des Fotografen ist untersagt. Informationen zum Erwerb von Ver\u00f6ffentlichungsrechten finden [&hellip;]<\/p>\n","protected":false},"author":1,"featured_media":23384,"parent":900,"menu_order":4,"comment_status":"closed","ping_status":"open","template":"","meta":{"jetpack_post_was_ever_published":false,"footnotes":""},"class_list":["post-942","page","type-page","status-publish","has-post-thumbnail","hentry"],"jetpack_shortlink":"https:\/\/wp.me\/P8MzOO-fc","jetpack-related-posts":[],"jetpack_likes_enabled":true,"jetpack_sharing_enabled":true,"_links":{"self":[{"href":"https:\/\/georg-dahlhoff.de\/wp\/index.php?rest_route=\/wp\/v2\/pages\/942","targetHints":{"allow":["GET"]}}],"collection":[{"href":"https:\/\/georg-dahlhoff.de\/wp\/index.php?rest_route=\/wp\/v2\/pages"}],"about":[{"href":"https:\/\/georg-dahlhoff.de\/wp\/index.php?rest_route=\/wp\/v2\/types\/page"}],"author":[{"embeddable":true,"href":"https:\/\/georg-dahlhoff.de\/wp\/index.php?rest_route=\/wp\/v2\/users\/1"}],"replies":[{"embeddable":true,"href":"https:\/\/georg-dahlhoff.de\/wp\/index.php?rest_route=%2Fwp%2Fv2%2Fcomments&post=942"}],"version-history":[{"count":0,"href":"https:\/\/georg-dahlhoff.de\/wp\/index.php?rest_route=\/wp\/v2\/pages\/942\/revisions"}],"up":[{"embeddable":true,"href":"https:\/\/georg-dahlhoff.de\/wp\/index.php?rest_route=\/wp\/v2\/pages\/900"}],"wp:featuredmedia":[{"embeddable":true,"href":"https:\/\/georg-dahlhoff.de\/wp\/index.php?rest_route=\/"}],"wp:attachment":[{"href":"https:\/\/georg-dahlhoff.de\/wp\/index.php?rest_route=%2Fwp%2Fv2%2Fmedia&parent=942"}],"curies":[{"name":"wp","href":"https:\/\/api.w.org\/{rel}","templated":true}]}}