{"id":926,"date":"2010-12-01T21:46:52","date_gmt":"2010-12-01T20:46:52","guid":{"rendered":"http:\/\/georg-dahlhoff.de\/blog\/"},"modified":"2020-04-10T13:10:39","modified_gmt":"2020-04-10T11:10:39","slug":"harxheim","status":"publish","type":"page","link":"https:\/\/georg-dahlhoff.de\/wp\/?page_id=926","title":{"rendered":"Harxheim"},"content":{"rendered":"<p style=\"text-align: center;\"><a href=\"https:\/\/georg-dahlhoff.de\/wp\/?page_id=11740\"><img data-recalc-dims=\"1\" loading=\"lazy\" decoding=\"async\" data-attachment-id=\"26915\" data-permalink=\"https:\/\/georg-dahlhoff.de\/wp\/?attachment_id=26915\" data-orig-file=\"https:\/\/i0.wp.com\/georg-dahlhoff.de\/wp\/wp-content\/uploads\/2018\/02\/Fotosammlung_MZ-BIN.jpg?fit=623%2C80&amp;ssl=1\" data-orig-size=\"623,80\" data-comments-opened=\"1\" data-image-meta=\"{&quot;aperture&quot;:&quot;0&quot;,&quot;credit&quot;:&quot;&quot;,&quot;camera&quot;:&quot;&quot;,&quot;caption&quot;:&quot;&quot;,&quot;created_timestamp&quot;:&quot;0&quot;,&quot;copyright&quot;:&quot;&quot;,&quot;focal_length&quot;:&quot;0&quot;,&quot;iso&quot;:&quot;0&quot;,&quot;shutter_speed&quot;:&quot;0&quot;,&quot;title&quot;:&quot;&quot;,&quot;orientation&quot;:&quot;1&quot;}\" data-image-title=\"Fotosammlung_MZ-BIN\" data-image-description=\"\" data-image-caption=\"\" data-large-file=\"https:\/\/i0.wp.com\/georg-dahlhoff.de\/wp\/wp-content\/uploads\/2018\/02\/Fotosammlung_MZ-BIN.jpg?fit=600%2C77&amp;ssl=1\" class=\"aligncenter size-large wp-image-26915\" src=\"https:\/\/i0.wp.com\/georg-dahlhoff.de\/wp\/wp-content\/uploads\/2018\/02\/Fotosammlung_MZ-BIN.jpg?resize=600%2C77&#038;ssl=1\" alt=\"\" width=\"600\" height=\"77\" srcset=\"https:\/\/i0.wp.com\/georg-dahlhoff.de\/wp\/wp-content\/uploads\/2018\/02\/Fotosammlung_MZ-BIN.jpg?resize=600%2C77&amp;ssl=1 600w, https:\/\/i0.wp.com\/georg-dahlhoff.de\/wp\/wp-content\/uploads\/2018\/02\/Fotosammlung_MZ-BIN.jpg?resize=300%2C39&amp;ssl=1 300w, https:\/\/i0.wp.com\/georg-dahlhoff.de\/wp\/wp-content\/uploads\/2018\/02\/Fotosammlung_MZ-BIN.jpg?w=623&amp;ssl=1 623w\" sizes=\"auto, (max-width: 600px) 100vw, 600px\" \/><\/a><\/p>\n<p style=\"text-align: center;\"><strong>Gemeinde Harxheim<\/strong>, Verbandsgemeinde Bodenheim, ca. 2.300 Einwohner, <a href=\"http:\/\/www.harxheim.de\/\" target=\"_blank\" rel=\"noopener noreferrer\">http:\/\/www.harxheim.de\/<\/a><\/p>\n<figure id=\"attachment_23659\" aria-describedby=\"caption-attachment-23659\" style=\"width: 580px\" class=\"wp-caption aligncenter\"><a href=\"https:\/\/i0.wp.com\/georg-dahlhoff.de\/wp\/wp-content\/uploads\/2015\/10\/201510233445.jpg?ssl=1\"><img data-recalc-dims=\"1\" loading=\"lazy\" decoding=\"async\" class=\"size-large wp-image-23659\" src=\"https:\/\/i0.wp.com\/georg-dahlhoff.de\/wp\/wp-content\/uploads\/2015\/10\/201510233445.jpg?resize=580%2C387&#038;ssl=1\" alt=\"Harxheim, Ev. Kirche - Bild Nr. 201510233445\" width=\"580\" height=\"387\" \/><\/a><figcaption id=\"caption-attachment-23659\" class=\"wp-caption-text\">Harxheim, Ev. Kirche &#8211; Bild Nr. 201510233445<\/figcaption><\/figure>\n<figure id=\"attachment_23270\" aria-describedby=\"caption-attachment-23270\" style=\"width: 580px\" class=\"wp-caption aligncenter\"><a href=\"https:\/\/i0.wp.com\/georg-dahlhoff.de\/wp\/wp-content\/uploads\/2010\/12\/200307124735-hax.jpg?ssl=1\"><img data-recalc-dims=\"1\" loading=\"lazy\" decoding=\"async\" class=\"size-large wp-image-23270\" src=\"https:\/\/i0.wp.com\/georg-dahlhoff.de\/wp\/wp-content\/uploads\/2010\/12\/200307124735-hax.jpg?resize=580%2C348&#038;ssl=1\" alt=\"Die Ortsmitte von Harxheim - Bild Nr. 200307124735\" width=\"580\" height=\"348\" \/><\/a><figcaption id=\"caption-attachment-23270\" class=\"wp-caption-text\">Die Ortsmitte von Harxheim &#8211; Bild Nr. 200307124735<\/figcaption><\/figure>\n<p style=\"text-align: center;\">Die Ortsmitte von <strong>Harxheim<\/strong>, vom Schlossbergturm aus gesehen.<\/p>\n<figure id=\"attachment_1411\" aria-describedby=\"caption-attachment-1411\" style=\"width: 225px\" class=\"wp-caption aligncenter\"><a href=\"https:\/\/i0.wp.com\/georg-dahlhoff.de\/blog\/wp-content\/uploads\/2010\/12\/200404247497-hax.jpg\" target=\"_blank\" rel=\"noopener noreferrer\"><img data-recalc-dims=\"1\" loading=\"lazy\" decoding=\"async\" class=\"size-medium wp-image-1411\" title=\"200404247497 - Harxheim: Evangelische Kirche\" src=\"https:\/\/i0.wp.com\/georg-dahlhoff.de\/blog\/wp-content\/uploads\/2010\/12\/200404247497-hax-225x300.jpg?resize=225%2C300\" alt=\"\" width=\"225\" height=\"300\" \/><\/a><figcaption id=\"caption-attachment-1411\" class=\"wp-caption-text\">Harxheim: Evangelische Kirche &#8211; Bild Nr. 200404247497<\/figcaption><\/figure>\n<p style=\"text-align: center;\">Die <strong>Evangelische Kirche<\/strong> direkt an der L425 in der Ortsmitte gelegen ist das Wahrzeichen der Gemeinde. Der Unterbau des Chorturms der\u00a0Kirche wird auf das Jahr 1484 datiert und wurde 1873 aufgestockt.<\/p>\n<figure id=\"attachment_1412\" aria-describedby=\"caption-attachment-1412\" style=\"width: 225px\" class=\"wp-caption aligncenter\"><a href=\"https:\/\/i0.wp.com\/georg-dahlhoff.de\/blog\/wp-content\/uploads\/2010\/12\/200307124752-hax.jpg\" target=\"_blank\" rel=\"noopener noreferrer\"><img data-recalc-dims=\"1\" loading=\"lazy\" decoding=\"async\" class=\"size-medium wp-image-1412\" title=\"200307124752 - Harxheim: St. Laurentius \" src=\"https:\/\/i0.wp.com\/georg-dahlhoff.de\/blog\/wp-content\/uploads\/2010\/12\/200307124752-hax-225x300.jpg?resize=225%2C300\" alt=\"\" width=\"225\" height=\"300\" \/><\/a><figcaption id=\"caption-attachment-1412\" class=\"wp-caption-text\">Harxheim: Katholische Kirche St. Laurentius &#8211; Bild Nr. 200307124752<\/figcaption><\/figure>\n<p style=\"text-align: center;\">Die <strong>Katholische Kirche St.Laurentius<\/strong> steht etwas versteckt hinter der Evangelischen Kirche. Sie wurde im Jahr 1870 erbaut. Bereits 1365 wird eine &#8222;katholische Pfarrei Harxheim&#8220; erw\u00e4hnt. Der auf den Hl. Laurentius geweihte Kirchenbau f\u00e4llt 1639 durchziehenden schwedischen Soldaten zum Opfer. Auch sp\u00e4tere Kirchen werden durch Br\u00e4nde zerst\u00f6rt. Ab 1698 wird die Evangelische Kirche als Simultankirche von beiden Konfessionen benutzt, bis dann im Jahr 1870 die heutige katholische Kirche fertiggestellt war.<\/p>\n<figure id=\"attachment_23272\" aria-describedby=\"caption-attachment-23272\" style=\"width: 580px\" class=\"wp-caption aligncenter\"><a href=\"https:\/\/i0.wp.com\/georg-dahlhoff.de\/wp\/wp-content\/uploads\/2010\/12\/201505092413.jpg?ssl=1\"><img data-recalc-dims=\"1\" loading=\"lazy\" decoding=\"async\" class=\"size-large wp-image-23272\" src=\"https:\/\/i0.wp.com\/georg-dahlhoff.de\/wp\/wp-content\/uploads\/2010\/12\/201505092413.jpg?resize=580%2C387&#038;ssl=1\" alt=\"Das Harxheimer Kapellchen - Bild Nr. 201505092413\" width=\"580\" height=\"387\" \/><\/a><figcaption id=\"caption-attachment-23272\" class=\"wp-caption-text\">Das Harxheimer Kapellchen &#8211; Bild Nr. 201505092413<\/figcaption><\/figure>\n<p style=\"text-align: center;\">Das Kapellchen wurde im Jahre 1864 als Andachtsst\u00e4tte auf dem Weg zur Kirche nach Gau-Bischofsheim im Stil eines rheinhessischen Wingertsh\u00e4uschens errichtet. Im Jahre 1934 wurde der urspr\u00fcnglich h\u00f6lzerne Aufbau von einer HJ-Gruppe zerst\u00f6rt und sp\u00e4ter durch ein massives T\u00fcrmchen ersetzt. Zur 1200-Jahrfeier im Jahre 1967 wurde das Bauwerk renoviert und durch ein in Zement gegossenes Kreuz erg\u00e4nzt.<\/p>\n<figure id=\"attachment_1415\" aria-describedby=\"caption-attachment-1415\" style=\"width: 300px\" class=\"wp-caption aligncenter\"><a href=\"https:\/\/i0.wp.com\/georg-dahlhoff.de\/blog\/wp-content\/uploads\/2010\/12\/200307094706-hax.jpg\" target=\"_blank\" rel=\"noopener noreferrer\"><img data-recalc-dims=\"1\" loading=\"lazy\" decoding=\"async\" class=\"size-medium wp-image-1415\" title=\"200307094706 - Harxheim: ehemaliges Rathaus\" src=\"https:\/\/i0.wp.com\/georg-dahlhoff.de\/blog\/wp-content\/uploads\/2010\/12\/200307094706-hax-300x225.jpg?resize=300%2C225\" alt=\"\" width=\"300\" height=\"225\" \/><\/a><figcaption id=\"caption-attachment-1415\" class=\"wp-caption-text\">Harxheim: ehemaliges Rathaus &#8211; Bild Nr. 200307094706<\/figcaption><\/figure>\n<figure id=\"attachment_1416\" aria-describedby=\"caption-attachment-1416\" style=\"width: 300px\" class=\"wp-caption aligncenter\"><a href=\"https:\/\/i0.wp.com\/georg-dahlhoff.de\/blog\/wp-content\/uploads\/2010\/12\/200307124731-hax.jpg\" target=\"_blank\" rel=\"noopener noreferrer\"><img data-recalc-dims=\"1\" loading=\"lazy\" decoding=\"async\" class=\"size-medium wp-image-1416\" title=\"200307124731 - Harxheim: Schlossbergturm\" src=\"https:\/\/i0.wp.com\/georg-dahlhoff.de\/blog\/wp-content\/uploads\/2010\/12\/200307124731-hax-300x225.jpg?resize=300%2C225\" alt=\"\" width=\"300\" height=\"225\" \/><\/a><figcaption id=\"caption-attachment-1416\" class=\"wp-caption-text\">Harxheim: Schlossbergturm &#8211; Bild Nr. 200307124731<\/figcaption><\/figure>\n<p style=\"text-align: center;\">Der 1999 gebaute Schlossbergturm oberhalb von Harxheim bietet sich als Ziel oder Ausgangspunkt f\u00fcr Spazierg\u00e4nge oder Wanderungen mit einem weitem Blick in die Rheinhessische Landschaft an.<\/p>\n<figure id=\"attachment_1417\" aria-describedby=\"caption-attachment-1417\" style=\"width: 225px\" class=\"wp-caption aligncenter\"><a href=\"https:\/\/i0.wp.com\/georg-dahlhoff.de\/blog\/wp-content\/uploads\/2010\/12\/200307094704-hax.jpg\" target=\"_blank\" rel=\"noopener noreferrer\"><img data-recalc-dims=\"1\" loading=\"lazy\" decoding=\"async\" class=\"size-medium wp-image-1417\" title=\"200307094704 - Harxheim: R\u00f6hrbrunnen\" src=\"https:\/\/i0.wp.com\/georg-dahlhoff.de\/blog\/wp-content\/uploads\/2010\/12\/200307094704-hax-225x300.jpg?resize=225%2C300\" alt=\"\" width=\"225\" height=\"300\" \/><\/a><figcaption id=\"caption-attachment-1417\" class=\"wp-caption-text\">Harxheim: Der R\u00f6hrbrunnen &#8211; Bild Nr. 200307094704<\/figcaption><\/figure>\n<p style=\"text-align: center;\">Der R\u00f6hrbrunnen wird durch ein nat\u00fcrliches Rinnsal gespeist. Er steht gegen\u00fcber dem alten Rathaus.<\/p>\n<figure id=\"attachment_1418\" aria-describedby=\"caption-attachment-1418\" style=\"width: 300px\" class=\"wp-caption aligncenter\"><a href=\"https:\/\/i0.wp.com\/georg-dahlhoff.de\/blog\/wp-content\/uploads\/2010\/12\/200209021272-hax.jpg\" target=\"_blank\" rel=\"noopener noreferrer\"><img data-recalc-dims=\"1\" loading=\"lazy\" decoding=\"async\" class=\"size-medium wp-image-1418\" title=\"200209021272 - Harxheim: Dorfbrunnen\" src=\"https:\/\/i0.wp.com\/georg-dahlhoff.de\/blog\/wp-content\/uploads\/2010\/12\/200209021272-hax-300x225.jpg?resize=300%2C225\" alt=\"\" width=\"300\" height=\"225\" \/><\/a><figcaption id=\"caption-attachment-1418\" class=\"wp-caption-text\">Harxheim: Dorfbrunnen &#8211; Bild Nr. 200209021272<\/figcaption><\/figure>\n<p style=\"text-align: center;\">Meistens f\u00e4hrt man nur vorbei. Aber es lohnt sich, einmal hier zu verweilen und einen Blick auf den Dorfbrunnen am Messigny-et-Vantoux-Platz zu werfen.\u00a0Dieser Platz erinnert an die langj\u00e4hrige Partnerschaft der franz\u00f6sischen Gemeinde Messigny-et-Vantoux mit Harxheim.<\/p>\n<p style=\"text-align: center;\"><strong><span style=\"text-decoration: underline;\">Impressionen<\/span><\/strong>:<\/p>\n<figure id=\"attachment_1419\" aria-describedby=\"caption-attachment-1419\" style=\"width: 300px\" class=\"wp-caption aligncenter\"><a href=\"https:\/\/i0.wp.com\/georg-dahlhoff.de\/blog\/wp-content\/uploads\/2010\/12\/200506011502-hax.jpg\" target=\"_blank\" rel=\"noopener noreferrer\"><img data-recalc-dims=\"1\" loading=\"lazy\" decoding=\"async\" class=\"size-medium wp-image-1419\" title=\"200506011502 - Mohnbl\u00fcte am &quot;Harxheimer Berg&quot;\" src=\"https:\/\/i0.wp.com\/georg-dahlhoff.de\/blog\/wp-content\/uploads\/2010\/12\/200506011502-hax-300x225.jpg?resize=300%2C225\" alt=\"\" width=\"300\" height=\"225\" \/><\/a><figcaption id=\"caption-attachment-1419\" class=\"wp-caption-text\">Mohnbl\u00fcte am &#8222;Harxheimer Berg&#8220; &#8211; Bild Nr. 200506011502<\/figcaption><\/figure>\n<figure id=\"attachment_1420\" aria-describedby=\"caption-attachment-1420\" style=\"width: 300px\" class=\"wp-caption aligncenter\"><a href=\"https:\/\/i0.wp.com\/georg-dahlhoff.de\/blog\/wp-content\/uploads\/2010\/12\/200307094707-hax.jpg\" target=\"_blank\" rel=\"noopener noreferrer\"><img data-recalc-dims=\"1\" loading=\"lazy\" decoding=\"async\" class=\"size-medium wp-image-1420\" title=\"200307094707 - Harxheim\" src=\"https:\/\/i0.wp.com\/georg-dahlhoff.de\/blog\/wp-content\/uploads\/2010\/12\/200307094707-hax-300x225.jpg?resize=300%2C225\" alt=\"\" width=\"300\" height=\"225\" \/><\/a><figcaption id=\"caption-attachment-1420\" class=\"wp-caption-text\">ohne Worte&#8230; &#8211; Bild Nr. 200307094707<\/figcaption><\/figure>\n<figure id=\"attachment_1421\" aria-describedby=\"caption-attachment-1421\" style=\"width: 300px\" class=\"wp-caption aligncenter\"><a href=\"https:\/\/i0.wp.com\/georg-dahlhoff.de\/blog\/wp-content\/uploads\/2010\/12\/200209021276-hax.jpg\" target=\"_blank\" rel=\"noopener noreferrer\"><img data-recalc-dims=\"1\" loading=\"lazy\" decoding=\"async\" class=\"size-medium wp-image-1421\" title=\"200209021276 - Harxheim\" src=\"https:\/\/i0.wp.com\/georg-dahlhoff.de\/blog\/wp-content\/uploads\/2010\/12\/200209021276-hax-300x225.jpg?resize=300%2C225\" alt=\"\" width=\"300\" height=\"225\" \/><\/a><figcaption id=\"caption-attachment-1421\" class=\"wp-caption-text\">Bild Nr. 200209021276<\/figcaption><\/figure>\n<figure id=\"attachment_1422\" aria-describedby=\"caption-attachment-1422\" style=\"width: 300px\" class=\"wp-caption aligncenter\"><a href=\"http:\/\/georg-dahlhoff.de\/blog\/wp-content\/uploads\/2010\/12\/200209021278-hax.jpg\" target=\"_blank\" rel=\"noopener noreferrer\"><img loading=\"lazy\" decoding=\"async\" class=\"size-medium wp-image-1422\" title=\"200209021278 - Harxheim\" src=\"http:\/\/georg-dahlhoff.de\/blog\/wp-content\/uploads\/2010\/12\/200209021278-hax-300x225.jpg \" alt=\"\" width=\"300\" height=\"225\" \/><\/a><figcaption id=\"caption-attachment-1422\" class=\"wp-caption-text\">Bild Nr. 200209021278<\/figcaption><\/figure>\n<p style=\"text-align: center;\">\u2026<\/p>\n<p style=\"text-align: center;\"><em>F<\/em><em>\u00fcr die Fotografien gilt das Urheberrecht! Jegliche Verwendung des Bildmaterials ohne Genehmigung des Fotografen ist untersagt. Informationen zum Erwerb von Ver\u00f6ffentlichungsrechten finden Sie\u00a0<a title=\"Ver\u00f6ffentlichungsrechte\" href=\"https:\/\/georg-dahlhoff.de\/wp\/?page_id=11938\">hier<\/a>.<\/em><\/p>\n","protected":false},"excerpt":{"rendered":"<p>Gemeinde Harxheim, Verbandsgemeinde Bodenheim, ca. 2.300 Einwohner, http:\/\/www.harxheim.de\/ Die Ortsmitte von Harxheim, vom Schlossbergturm aus gesehen. Die Evangelische Kirche direkt an der L425 in der Ortsmitte gelegen ist das Wahrzeichen [&hellip;]<\/p>\n","protected":false},"author":1,"featured_media":28004,"parent":898,"menu_order":6,"comment_status":"closed","ping_status":"open","template":"","meta":{"jetpack_post_was_ever_published":false,"footnotes":""},"class_list":["post-926","page","type-page","status-publish","has-post-thumbnail","hentry"],"jetpack_shortlink":"https:\/\/wp.me\/P8MzOO-eW","jetpack-related-posts":[],"jetpack_likes_enabled":true,"jetpack_sharing_enabled":true,"_links":{"self":[{"href":"https:\/\/georg-dahlhoff.de\/wp\/index.php?rest_route=\/wp\/v2\/pages\/926","targetHints":{"allow":["GET"]}}],"collection":[{"href":"https:\/\/georg-dahlhoff.de\/wp\/index.php?rest_route=\/wp\/v2\/pages"}],"about":[{"href":"https:\/\/georg-dahlhoff.de\/wp\/index.php?rest_route=\/wp\/v2\/types\/page"}],"author":[{"embeddable":true,"href":"https:\/\/georg-dahlhoff.de\/wp\/index.php?rest_route=\/wp\/v2\/users\/1"}],"replies":[{"embeddable":true,"href":"https:\/\/georg-dahlhoff.de\/wp\/index.php?rest_route=%2Fwp%2Fv2%2Fcomments&post=926"}],"version-history":[{"count":2,"href":"https:\/\/georg-dahlhoff.de\/wp\/index.php?rest_route=\/wp\/v2\/pages\/926\/revisions"}],"predecessor-version":[{"id":28005,"href":"https:\/\/georg-dahlhoff.de\/wp\/index.php?rest_route=\/wp\/v2\/pages\/926\/revisions\/28005"}],"up":[{"embeddable":true,"href":"https:\/\/georg-dahlhoff.de\/wp\/index.php?rest_route=\/wp\/v2\/pages\/898"}],"wp:featuredmedia":[{"embeddable":true,"href":"https:\/\/georg-dahlhoff.de\/wp\/index.php?rest_route=\/wp\/v2\/media\/28004"}],"wp:attachment":[{"href":"https:\/\/georg-dahlhoff.de\/wp\/index.php?rest_route=%2Fwp%2Fv2%2Fmedia&parent=926"}],"curies":[{"name":"wp","href":"https:\/\/api.w.org\/{rel}","templated":true}]}}