{"id":1006,"date":"2010-12-01T22:19:48","date_gmt":"2010-12-01T21:19:48","guid":{"rendered":"http:\/\/georg-dahlhoff.de\/blog\/"},"modified":"2018-02-15T17:55:45","modified_gmt":"2018-02-15T16:55:45","slug":"oppenheim","status":"publish","type":"page","link":"https:\/\/georg-dahlhoff.de\/wp\/?page_id=1006","title":{"rendered":"Oppenheim"},"content":{"rendered":"<p style=\"text-align: center;\"><a href=\"https:\/\/georg-dahlhoff.de\/wp\/?page_id=11740\"><img data-recalc-dims=\"1\" loading=\"lazy\" decoding=\"async\" data-attachment-id=\"26915\" data-permalink=\"https:\/\/georg-dahlhoff.de\/wp\/?attachment_id=26915\" data-orig-file=\"https:\/\/i0.wp.com\/georg-dahlhoff.de\/wp\/wp-content\/uploads\/2018\/02\/Fotosammlung_MZ-BIN.jpg?fit=623%2C80&amp;ssl=1\" data-orig-size=\"623,80\" data-comments-opened=\"1\" data-image-meta=\"{&quot;aperture&quot;:&quot;0&quot;,&quot;credit&quot;:&quot;&quot;,&quot;camera&quot;:&quot;&quot;,&quot;caption&quot;:&quot;&quot;,&quot;created_timestamp&quot;:&quot;0&quot;,&quot;copyright&quot;:&quot;&quot;,&quot;focal_length&quot;:&quot;0&quot;,&quot;iso&quot;:&quot;0&quot;,&quot;shutter_speed&quot;:&quot;0&quot;,&quot;title&quot;:&quot;&quot;,&quot;orientation&quot;:&quot;1&quot;}\" data-image-title=\"Fotosammlung_MZ-BIN\" data-image-description=\"\" data-image-caption=\"\" data-large-file=\"https:\/\/i0.wp.com\/georg-dahlhoff.de\/wp\/wp-content\/uploads\/2018\/02\/Fotosammlung_MZ-BIN.jpg?fit=600%2C77&amp;ssl=1\" class=\"aligncenter size-large wp-image-26915\" src=\"https:\/\/i0.wp.com\/georg-dahlhoff.de\/wp\/wp-content\/uploads\/2018\/02\/Fotosammlung_MZ-BIN.jpg?resize=600%2C77&#038;ssl=1\" alt=\"\" width=\"600\" height=\"77\" srcset=\"https:\/\/i0.wp.com\/georg-dahlhoff.de\/wp\/wp-content\/uploads\/2018\/02\/Fotosammlung_MZ-BIN.jpg?resize=600%2C77&amp;ssl=1 600w, https:\/\/i0.wp.com\/georg-dahlhoff.de\/wp\/wp-content\/uploads\/2018\/02\/Fotosammlung_MZ-BIN.jpg?resize=300%2C39&amp;ssl=1 300w, https:\/\/i0.wp.com\/georg-dahlhoff.de\/wp\/wp-content\/uploads\/2018\/02\/Fotosammlung_MZ-BIN.jpg?w=623&amp;ssl=1 623w\" sizes=\"auto, (max-width: 600px) 100vw, 600px\" \/><\/a><\/p>\n<p style=\"text-align: center;\"><strong>Stadt Oppenheim<\/strong>, Verbandsgemeinde Rhein-Selz, ca. 7.425 Einwohner <a href=\"http:\/\/www.stadt-oppenheim.de\/\" target=\"_blank\">http:\/\/www.stadt-oppenheim.de\/<\/a><\/p>\n<p><figure id=\"attachment_23434\" aria-describedby=\"caption-attachment-23434\" style=\"width: 580px\" class=\"wp-caption aligncenter\"><a href=\"https:\/\/i0.wp.com\/georg-dahlhoff.de\/wp\/wp-content\/uploads\/2015\/08\/201508024803.jpg?ssl=1\" rel=\"attachment wp-att-23434\"><img data-recalc-dims=\"1\" loading=\"lazy\" decoding=\"async\" class=\"size-large wp-image-23434\" src=\"https:\/\/i0.wp.com\/georg-dahlhoff.de\/wp\/wp-content\/uploads\/2015\/08\/201508024803.jpg?resize=580%2C388&#038;ssl=1\" alt=\"Oppenheimer Altstadt mit der Katharinenkirche - Bild Nr. 201508024803\" width=\"580\" height=\"388\" \/><\/a><figcaption id=\"caption-attachment-23434\" class=\"wp-caption-text\">Oppenheimer Altstadt mit der Katharinenkirche &#8211; Bild Nr. 201508024803<\/figcaption><\/figure> <figure id=\"attachment_4217\" aria-describedby=\"caption-attachment-4217\" style=\"width: 580px\" class=\"wp-caption aligncenter\"><a href=\"https:\/\/i0.wp.com\/georg-dahlhoff.de\/blog\/wp-content\/uploads\/2011\/08\/200906032832.jpg\"><img data-recalc-dims=\"1\" loading=\"lazy\" decoding=\"async\" class=\" wp-image-4217 \" title=\"200906032832 - Oppenheim: Altstadtansicht von S\u00fcden\" src=\"https:\/\/i0.wp.com\/georg-dahlhoff.de\/blog\/wp-content\/uploads\/2011\/08\/200906032832-680x382.jpg?resize=580%2C326\" alt=\"\" width=\"580\" height=\"326\" \/><\/a><figcaption id=\"caption-attachment-4217\" class=\"wp-caption-text\">Oppenheim: Altstadtansicht von S\u00fcden &#8211; Bild Nr. 200906032832<\/figcaption><\/figure><\/p>\n<p style=\"text-align: center;\">Die Altstadt von Oppenheim ist schon von weitem an der oben am Berg stehenden Katharinenkirche zu erkennen. Die katholische Kirche St. Bartholom\u00e4us sehen wir rechts etwas unterhalb der evangelischen Katharinenkirche. Das Bild zeigt, dass Oppenheim umgeben von Weinbergen ist, es sind die besonders gesch\u00e4tzen Hanglagen entlang des Rheins.<\/p>\n<p><figure id=\"attachment_4846\" aria-describedby=\"caption-attachment-4846\" style=\"width: 580px\" class=\"wp-caption aligncenter\"><a href=\"https:\/\/i0.wp.com\/georg-dahlhoff.de\/blog\/wp-content\/uploads\/2010\/12\/201109152644.jpg\"><img data-recalc-dims=\"1\" loading=\"lazy\" decoding=\"async\" class=\" wp-image-4846 \" title=\"201109152644 - Oppenheim\" src=\"https:\/\/i0.wp.com\/georg-dahlhoff.de\/blog\/wp-content\/uploads\/2010\/12\/201109152644-680x382.jpg?resize=580%2C326\" alt=\"\" width=\"580\" height=\"326\" \/><\/a><figcaption id=\"caption-attachment-4846\" class=\"wp-caption-text\">Oppenheim: Altstadtansicht von S\u00fcdost &#8211; Bild Nr. 201109152644<\/figcaption><\/figure> <figure id=\"attachment_1280\" aria-describedby=\"caption-attachment-1280\" style=\"width: 300px\" class=\"wp-caption aligncenter\"><a href=\"https:\/\/i0.wp.com\/georg-dahlhoff.de\/blog\/wp-content\/uploads\/2010\/12\/200608231021-opp.jpg\" target=\"_blank\"><img data-recalc-dims=\"1\" loading=\"lazy\" decoding=\"async\" class=\"size-medium wp-image-1280\" title=\"200608231021 - Oppenheim: Ruine Landskron\" src=\"https:\/\/i0.wp.com\/georg-dahlhoff.de\/blog\/wp-content\/uploads\/2010\/12\/200608231021-opp-300x225.jpg?resize=300%2C225\" alt=\"\" width=\"300\" height=\"225\" \/><\/a><figcaption id=\"caption-attachment-1280\" class=\"wp-caption-text\">Oppenheim: Ruine Landskron &#8211; Bild Nr. 200608231021<\/figcaption><\/figure> <figure id=\"attachment_1282\" aria-describedby=\"caption-attachment-1282\" style=\"width: 300px\" class=\"wp-caption aligncenter\"><a href=\"https:\/\/i0.wp.com\/georg-dahlhoff.de\/blog\/wp-content\/uploads\/2010\/12\/200810100399-opp.jpg\" target=\"_blank\"><img data-recalc-dims=\"1\" loading=\"lazy\" decoding=\"async\" class=\"size-medium wp-image-1282\" title=\"200810100399 - Oppenheim: Ruine Landskron\" src=\"https:\/\/i0.wp.com\/georg-dahlhoff.de\/blog\/wp-content\/uploads\/2010\/12\/200810100399-opp-300x230.jpg?resize=300%2C230\" alt=\"\" width=\"300\" height=\"230\" \/><\/a><figcaption id=\"caption-attachment-1282\" class=\"wp-caption-text\">Oppenheim: Ruine Landskron &#8211; Bild Nr. 200810100399<\/figcaption><\/figure><\/p>\n<p style=\"text-align: center;\">Die Burg Landskron wurde vor \u00fcber 900 Jahren als Reichsburg erbaut. Sie wurde mehrfach zerst\u00f6rt und wieder aufgebaut. Seit der letzten Zerst\u00f6rung w\u00e4hrend des pf\u00e4lzischen Erbfolgekrieges 1689 ist sie eine Ruine geblieben.\u00a0Heute dient die Landkron als Kulisse f\u00fcr die im Sommer hier stattfindenden Theaterfestspiele. Sie ist ein begehrtes Ausflugsziel, denn von hier oben genie\u00dft man eine sch\u00f6nen Blick auf die Stadt und das Rheintal und bei guter Sicht kann man auch den Odenwald sehen.<\/p>\n<p><figure id=\"attachment_1283\" aria-describedby=\"caption-attachment-1283\" style=\"width: 300px\" class=\"wp-caption aligncenter\"><a href=\"https:\/\/i0.wp.com\/georg-dahlhoff.de\/blog\/wp-content\/uploads\/2010\/12\/200607010079-opp.jpg\" target=\"_blank\"><img data-recalc-dims=\"1\" loading=\"lazy\" decoding=\"async\" class=\"size-medium wp-image-1283\" title=\"200607010079 - Oppenheim: Ruine Landskron und Katharinenkirche\" src=\"https:\/\/i0.wp.com\/georg-dahlhoff.de\/blog\/wp-content\/uploads\/2010\/12\/200607010079-opp-300x225.jpg?resize=300%2C225\" alt=\"\" width=\"300\" height=\"225\" \/><\/a><figcaption id=\"caption-attachment-1283\" class=\"wp-caption-text\">Oppenheim: Ruine Landskron und Katharinenkirche &#8211; Bild Nr. 200607010079<\/figcaption><\/figure> <figure id=\"attachment_1285\" aria-describedby=\"caption-attachment-1285\" style=\"width: 300px\" class=\"wp-caption aligncenter\"><a href=\"https:\/\/i0.wp.com\/georg-dahlhoff.de\/blog\/wp-content\/uploads\/2010\/12\/200306074073-opp.jpg\" target=\"_blank\"><img data-recalc-dims=\"1\" loading=\"lazy\" decoding=\"async\" class=\"size-medium wp-image-1285\" title=\"200306074073 - Oppenheim: Evangelische Katharinenkirche\" src=\"https:\/\/i0.wp.com\/georg-dahlhoff.de\/blog\/wp-content\/uploads\/2010\/12\/200306074073-opp-300x225.jpg?resize=300%2C225\" alt=\"\" width=\"300\" height=\"225\" \/><\/a><figcaption id=\"caption-attachment-1285\" class=\"wp-caption-text\">Oppenheim: Evangelische Katharinenkirche &#8211; Bild Nr. 200306074073<\/figcaption><\/figure><\/p>\n<p style=\"text-align: center;\">Mit dem Bau des Wahrzeichens der Stadt wurde wahrscheinlich nach der Stadterhebung 1225 begonnen. Sie vereinigt in sich Stilelemente der sp\u00e4tromanischen und gotischen Bauepoche und gilt als bedeutendster Kirchenbau der Gotik am Rhein zwischen Stra\u00dfburg und K\u00f6ln. Im Jahre 1258 d\u00fcrften die Bauarbeiten des ersten romanischen Bauabschnittes abgeschlossen gewesen sein. Die Errichtung des Ostturms wurde 1262 begonnen, die Arbeiten am Langhauses nahmen 1317 ihren Anfang. Der Baubeginn des Langhauses (1317) ist in einer Bauinschrift in der Form eines runden Brotes rechts neben der kleinen Eingangst\u00fcr in die Kirche festgehalten. <em>(Quelle: <\/em><a href=\"http:\/\/www.regionalgeschichte.net\" target=\"_blank\"><em>regionalgeschichte.net<\/em><\/a><em>) <\/em><\/p>\n<p style=\"text-align: center;\"><em><a title=\"Katharinenkirche\" href=\"https:\/\/georg-dahlhoff.de\/wp\/?p=4179\" target=\"_blank\">Die Katharinenkirche zu Oppenheim<\/a> \u00fcber die Katahrinenkirche<\/em> <em>Weitere Bilder von der Katharinenkirche <a href=\"https:\/\/georg-dahlhoff.de\/wp\/?p=21990\" target=\"_blank\"><strong>hier<\/strong><\/a>.<\/em><\/p>\n<figure id=\"attachment_23106\" aria-describedby=\"caption-attachment-23106\" style=\"width: 414px\" class=\"wp-caption aligncenter\"><a href=\"https:\/\/i0.wp.com\/georg-dahlhoff.de\/wp\/wp-content\/uploads\/2015\/03\/201503281793.jpg?ssl=1\"><img data-recalc-dims=\"1\" loading=\"lazy\" decoding=\"async\" class=\"size-large wp-image-23106\" src=\"https:\/\/i0.wp.com\/georg-dahlhoff.de\/wp\/wp-content\/uploads\/2015\/03\/201503281793.jpg?resize=414%2C580&#038;ssl=1\" alt=\"Die Oppenheimer Rose - Bild Nr. 201503281793\" width=\"414\" height=\"580\" \/><\/a><figcaption id=\"caption-attachment-23106\" class=\"wp-caption-text\">Die Oppenheimer Rose &#8211; Bild Nr. 201503281793<\/figcaption><\/figure>\n<p style=\"text-align: center;\">Die Katharinenkirche ist vor allem wegen ihrer Fenster ber\u00fchmt. Die bedeutendsten sind die beiden Fenster in der S\u00fcdfassade, das <a href=\"https:\/\/georg-dahlhoff.de\/wp\/?p=23105\" target=\"_blank\">Lilienfenster<\/a>, welches\u00a01937 neu verglast wurde, und die sogenannte &#8222;Oppenheimer Rose&#8220;, deren Glasscheiben aus dem 14. Jahrhundert (1332\/1333) weitgehend original erhalten sind. Als Grundriss der Oppenheimer Rose diente eine Heckenrose, das Zeichen der Liebe Gottes zu den Menschen. Die Mitte des Fensters ziert der Reichsadler, das Oppenheimer Stadtwappen. Im Kreis um das Stadtwappen sind die Wappen der Oppenheimer Ratsherren aus dem Jahre 1332\/33 angeordnet. (Quelle: <a href=\"http:\/\/www.regionalgeschichte.net\" target=\"_blank\">regionalgeschichte.net<\/a>)<\/p>\n<figure id=\"attachment_1278\" aria-describedby=\"caption-attachment-1278\" style=\"width: 300px\" class=\"wp-caption aligncenter\"><a href=\"https:\/\/i0.wp.com\/georg-dahlhoff.de\/blog\/wp-content\/uploads\/2010\/12\/201003117368-opp.jpg\" target=\"_blank\"><img data-recalc-dims=\"1\" loading=\"lazy\" decoding=\"async\" class=\"size-medium wp-image-1278\" title=\"Oppenheim: historisches Rathaus\" src=\"https:\/\/i0.wp.com\/georg-dahlhoff.de\/blog\/wp-content\/uploads\/2010\/12\/201003117368-opp-300x199.jpg?resize=300%2C199\" alt=\"\" width=\"300\" height=\"199\" \/><\/a><figcaption id=\"caption-attachment-1278\" class=\"wp-caption-text\">Oppenheim: historisches Rathaus &#8211; Bild Nr. 201003117368<\/figcaption><\/figure>\n<p style=\"text-align: center;\">Das Rathaus wurde 1621 nach dem Brand des alten Rathauses an die jetzige Stelle verlegt und neu errichtet. Nach dem gro\u00dfen Stadtbrand von 1689 wurde zun\u00e4chst nur der \u00f6stliche Giebel 1709 wieder aufgebaut, der andere 1879 hinzugef\u00fcgt. Das Rathaus \u00e4hnelt stark dem &#8222;R\u00f6mer&#8220; in Frankfurt am Main. Das heutige Rathaus war vor 1621 das M\u00fcnzhaus. Seit 1436 werden in Oppenheim keine M\u00fcnzen mehr geschlagen. Das alte M\u00fcnzhaus diente nach 1436 als Wechselstube. <em>(Quelle: <\/em><a href=\"http:\/\/www.regionalgeschichte.net\" target=\"_blank\"><em>regionalgeschichte.net<\/em><\/a><em>)<\/em><\/p>\n<figure id=\"attachment_23097\" aria-describedby=\"caption-attachment-23097\" style=\"width: 580px\" class=\"wp-caption aligncenter\"><a href=\"https:\/\/i0.wp.com\/georg-dahlhoff.de\/wp\/wp-content\/uploads\/2015\/03\/201503281825.jpg?ssl=1\"><img data-recalc-dims=\"1\" loading=\"lazy\" decoding=\"async\" class=\"wp-image-23097 size-large\" src=\"https:\/\/i0.wp.com\/georg-dahlho_ff.de\/wp\/wp-content\/uploads\/2015\/03\/201503281825-580x387.jpg?resize=580%2C387\" alt=\"St. Bartholom\u00e4us - Bild Nr. 201503281825\" width=\"580\" height=\"387\" \/><\/a><figcaption id=\"caption-attachment-23097\" class=\"wp-caption-text\">St. Bartholom\u00e4us &#8211; Bild Nr. 201503281825<\/figcaption><\/figure>\n<p>Die katholische Pfarrkirche\u00a0<strong>St. Bartholom\u00e4us<\/strong>\u00a0in der Oppenheimer Altstadt steht etwas im Schatten der evangelischen Katharinenkirche, aber auch sie kann sich sehen lassen und lohnt einen Besuch. Das vermutlich Anfang des 14. Jahrhunderts als Klosterkirche eines Franziskanerordens im gotischen Stil errichtete Gotteshaus\u00a0dient\u00a0seit dem Jahr 1686 als katholische Pfarrkirche der Stadt. Die fr\u00fcheren Klostergeb\u00e4ude sowie\u00a0der Kreuzgang existieren nicht mehr.<\/p>\n<p><figure id=\"attachment_23099\" aria-describedby=\"caption-attachment-23099\" style=\"width: 388px\" class=\"wp-caption aligncenter\"><a href=\"https:\/\/i0.wp.com\/georg-dahlhoff.de\/wp\/wp-content\/uploads\/2015\/03\/201503284528.jpg?ssl=1\"><img data-recalc-dims=\"1\" loading=\"lazy\" decoding=\"async\" class=\"wp-image-23099 size-large\" src=\"https:\/\/i0.wp.com\/georg-dahlhoff.de\/wp\/wp-content\/uploads\/2015\/03\/201503284528.jpg?resize=388%2C580&#038;ssl=1\" alt=\"Hochaltar von St. Bartholom\u00e4us - Bild Nr. 201503284528\" width=\"388\" height=\"580\" \/><\/a><figcaption id=\"caption-attachment-23099\" class=\"wp-caption-text\">Hochaltar von St. Bartholom\u00e4us &#8211; Bild Nr. 201503284528<\/figcaption><\/figure> <figure id=\"attachment_1287\" aria-describedby=\"caption-attachment-1287\" style=\"width: 225px\" class=\"wp-caption aligncenter\"><a href=\"https:\/\/i0.wp.com\/georg-dahlhoff.de\/blog\/wp-content\/uploads\/2010\/12\/200207120206-opp.jpg\" target=\"_blank\"><img data-recalc-dims=\"1\" loading=\"lazy\" decoding=\"async\" class=\"size-medium wp-image-1287\" title=\"200207120206 - Oppenheim: Gutleuthaus\" src=\"https:\/\/i0.wp.com\/georg-dahlhoff.de\/blog\/wp-content\/uploads\/2010\/12\/200207120206-opp-225x300.jpg?resize=225%2C300\" alt=\"\" width=\"225\" height=\"300\" \/><\/a><figcaption id=\"caption-attachment-1287\" class=\"wp-caption-text\">Oppenheim: Gutleuthaus &#8211; Bild Nr. 200207120206<\/figcaption><\/figure><\/p>\n<p style=\"text-align: center;\">Das Gutleuthaus ist ein letzter \u00dcberrest des fr\u00fcheren Hospitals &#8222;Zu den guten Leuten&#8220; das bis zu dem verheerenden Stadtbrand im Jahr 1621 an dieser Stelle stand.<\/p>\n<figure id=\"attachment_22486\" aria-describedby=\"caption-attachment-22486\" style=\"width: 414px\" class=\"wp-caption aligncenter\"><a href=\"https:\/\/i0.wp.com\/georg-dahlhoff.de\/wp\/wp-content\/uploads\/2010\/12\/201407313322.jpg?ssl=1\"><img data-recalc-dims=\"1\" loading=\"lazy\" decoding=\"async\" class=\"size-large wp-image-22486\" src=\"https:\/\/i0.wp.com\/georg-dahlhoff.de\/wp\/wp-content\/uploads\/2010\/12\/201407313322.jpg?resize=414%2C580&#038;ssl=1\" alt=\"Der Rheintorbrunnen am Postplatz - Bild Nr. 201407313322\" width=\"414\" height=\"580\" \/><\/a><figcaption id=\"caption-attachment-22486\" class=\"wp-caption-text\">Der Rheintorbrunnen am Postplatz &#8211; Bild Nr. 201407313322<\/figcaption><\/figure>\n<p>Der\u00a0<strong>Rheintorbrunnen<\/strong> auf dem neu gestalteten <strong>Postplatz<\/strong> wurde im Mai 2008 anl\u00e4sslich der Feierlichkeiten zum\u00a01000-j\u00e4hrigen Jubil\u00e4ums der Erteilung der Marktrechte an <strong>Oppenheim<\/strong> eingeweiht. Das auf dem Platz\u00a0dieser neue Brunnen steht, ist\u00a0einer Initiative des Geschichtsvereins und der &#8218;Freunde des Uhrturms&#8216; zu verdanken.<\/p>\n<p style=\"text-align: center;\"><strong><span style=\"text-decoration: underline;\">Winteraufnahmen:<\/span><\/strong><\/p>\n<p><figure id=\"attachment_1586\" aria-describedby=\"caption-attachment-1586\" style=\"width: 300px\" class=\"wp-caption aligncenter\"><a href=\"https:\/\/i0.wp.com\/georg-dahlhoff.de\/blog\/wp-content\/uploads\/2010\/12\/201012091142-1.jpg\" target=\"_blank\"><img data-recalc-dims=\"1\" loading=\"lazy\" decoding=\"async\" class=\"size-medium wp-image-1586\" title=\"201012091142 - Oppenheim: Katharinenkirche\" src=\"https:\/\/i0.wp.com\/georg-dahlhoff.de\/blog\/wp-content\/uploads\/2010\/12\/201012091142-1-300x199.jpg?resize=300%2C199\" alt=\"\" width=\"300\" height=\"199\" \/><\/a><figcaption id=\"caption-attachment-1586\" class=\"wp-caption-text\">Oppenheim: Katharinenkirche &#8211; Bild Nr. 201012091142<\/figcaption><\/figure> <figure id=\"attachment_1584\" aria-describedby=\"caption-attachment-1584\" style=\"width: 300px\" class=\"wp-caption aligncenter\"><a href=\"https:\/\/i0.wp.com\/georg-dahlhoff.de\/blog\/wp-content\/uploads\/2010\/12\/201012091147-1.jpg\" target=\"_blank\"><img data-recalc-dims=\"1\" loading=\"lazy\" decoding=\"async\" class=\"size-medium wp-image-1584\" title=\"201012091147 - Oppenheim: Ruine Landskron\" src=\"https:\/\/i0.wp.com\/georg-dahlhoff.de\/blog\/wp-content\/uploads\/2010\/12\/201012091147-1-300x199.jpg?resize=300%2C199\" alt=\"\" width=\"300\" height=\"199\" \/><\/a><figcaption id=\"caption-attachment-1584\" class=\"wp-caption-text\">Oppenheim: Ruine Landskron &#8211; Bild Nr. 201012091147<\/figcaption><\/figure> <figure id=\"attachment_1589\" aria-describedby=\"caption-attachment-1589\" style=\"width: 199px\" class=\"wp-caption aligncenter\"><a href=\"https:\/\/i0.wp.com\/georg-dahlhoff.de\/blog\/wp-content\/uploads\/2010\/12\/201012091179-1.jpg\" target=\"_blank\"><img data-recalc-dims=\"1\" loading=\"lazy\" decoding=\"async\" class=\"size-medium wp-image-1589\" title=\"201012091179 - Oppenheim: Das Gutleuthaus\" src=\"https:\/\/i0.wp.com\/georg-dahlhoff.de\/blog\/wp-content\/uploads\/2010\/12\/201012091179-1-199x300.jpg?resize=199%2C300\" alt=\"\" width=\"199\" height=\"300\" \/><\/a><figcaption id=\"caption-attachment-1589\" class=\"wp-caption-text\">Oppenheim: Das Gutleuthaus &#8211; Bild Nr. 201012091179<\/figcaption><\/figure><\/p>\n<p style=\"text-align: center;\"><em>\u2026<\/em><\/p>\n<p style=\"text-align: center;\"><em>F\u00fcr die Fotografien gilt das Urheberrecht! Jegliche Verwendung des Bildmaterials ohne Genehmigung des Fotografen ist untersagt. Informationen zum Erwerb von Ver\u00f6ffentlichungsrechten finden Sie <\/em><a title=\"Oppenheim\" href=\"https:\/\/georg-dahlhoff.de\/wp\/?page_id=11938\"><em>hier<\/em><\/a><em>.<\/em><\/p>\n","protected":false},"excerpt":{"rendered":"<p>Stadt Oppenheim, Verbandsgemeinde Rhein-Selz, ca. 7.425 Einwohner http:\/\/www.stadt-oppenheim.de\/ Die Altstadt von Oppenheim ist schon von weitem an der oben am Berg stehenden Katharinenkirche zu erkennen. Die katholische Kirche St. Bartholom\u00e4us [&hellip;]<\/p>\n","protected":false},"author":1,"featured_media":23092,"parent":962,"menu_order":5,"comment_status":"closed","ping_status":"open","template":"","meta":{"jetpack_post_was_ever_published":false,"footnotes":""},"class_list":["post-1006","page","type-page","status-publish","has-post-thumbnail","hentry"],"jetpack_shortlink":"https:\/\/wp.me\/P8MzOO-ge","jetpack-related-posts":[],"jetpack_likes_enabled":true,"jetpack_sharing_enabled":true,"_links":{"self":[{"href":"https:\/\/georg-dahlhoff.de\/wp\/index.php?rest_route=\/wp\/v2\/pages\/1006","targetHints":{"allow":["GET"]}}],"collection":[{"href":"https:\/\/georg-dahlhoff.de\/wp\/index.php?rest_route=\/wp\/v2\/pages"}],"about":[{"href":"https:\/\/georg-dahlhoff.de\/wp\/index.php?rest_route=\/wp\/v2\/types\/page"}],"author":[{"embeddable":true,"href":"https:\/\/georg-dahlhoff.de\/wp\/index.php?rest_route=\/wp\/v2\/users\/1"}],"replies":[{"embeddable":true,"href":"https:\/\/georg-dahlhoff.de\/wp\/index.php?rest_route=%2Fwp%2Fv2%2Fcomments&post=1006"}],"version-history":[{"count":1,"href":"https:\/\/georg-dahlhoff.de\/wp\/index.php?rest_route=\/wp\/v2\/pages\/1006\/revisions"}],"predecessor-version":[{"id":26933,"href":"https:\/\/georg-dahlhoff.de\/wp\/index.php?rest_route=\/wp\/v2\/pages\/1006\/revisions\/26933"}],"up":[{"embeddable":true,"href":"https:\/\/georg-dahlhoff.de\/wp\/index.php?rest_route=\/wp\/v2\/pages\/962"}],"wp:featuredmedia":[{"embeddable":true,"href":"https:\/\/georg-dahlhoff.de\/wp\/index.php?rest_route=\/"}],"wp:attachment":[{"href":"https:\/\/georg-dahlhoff.de\/wp\/index.php?rest_route=%2Fwp%2Fv2%2Fmedia&parent=1006"}],"curies":[{"name":"wp","href":"https:\/\/api.w.org\/{rel}","templated":true}]}}